{"id":78013,"date":"2018-04-10T08:43:27","date_gmt":"2018-04-10T07:43:27","guid":{"rendered":"\/wp-content\/uploads\/2018\/04\/andrzej-nowacki-z-cyklu-bieg-2018-04-10.jpg"},"modified":"2018-04-10T08:43:27","modified_gmt":"2018-04-10T07:43:27","slug":"andrzej-nowacki-z-cyklu-bieg-2018-04-10","status":"inherit","type":"attachment","link":"https:\/\/ownetic.com\/wydarzenia\/2018\/04\/i-po-co-nam-wolnosc\/andrzej-nowacki-z-cyklu-bieg-2018-04-10\/","title":{"rendered":"Andrzej Nowacki, z cyklu \u201eBieg\u201d, lata 70. XX wieku (\u017ar\u00f3d\u0142o: materia\u0142y prasowe organizatora)"},"author":117,"comment_status":"open","ping_status":"closed","template":"","meta":[],"yoast_head":"<!-- This site is optimized with the Yoast SEO plugin v18.7 - https:\/\/yoast.com\/wordpress\/plugins\/seo\/ -->\n<title>Wydarzenia O.pl<\/title>\n<meta name=\"description\" content=\"Serwis Wydarzenia O.pl to przestrze\u0144 prezentacji najwa\u017cniejszych wydarze\u0144 z takich dziedzin, jak: sztuka, design, fotografia, film, muzyka, teatr, literatura, historia, taniec, architektura\" \/>\n<meta name=\"robots\" content=\"index, follow, max-snippet:-1, max-image-preview:large, max-video-preview:-1\" \/>\n<link rel=\"canonical\" href=\"https:\/\/ownetic.com\/wydarzenia\/wp-content\/uploads\/2018\/04\/andrzej-nowacki-z-cyklu-bieg-2018-04-10-scaled.jpg\" \/>\n<meta name=\"twitter:card\" content=\"summary_large_image\" \/>\n<meta name=\"twitter:title\" content=\"Wydarzenia O.pl\" \/>\n<meta name=\"twitter:description\" content=\"Serwis Wydarzenia O.pl to przestrze\u0144 prezentacji najwa\u017cniejszych wydarze\u0144 z takich dziedzin, jak: sztuka, design, fotografia, film, muzyka, teatr, literatura, historia, taniec, architektura\" \/>\n<meta name=\"twitter:image\" content=\"https:\/\/ownetic.com\/wydarzenia\/wp-content\/uploads\/2018\/04\/andrzej-nowacki-z-cyklu-bieg-2018-04-10-scaled.jpg\" \/>\n<script type=\"application\/ld+json\" class=\"yoast-schema-graph\">{\"@context\":\"https:\/\/schema.org\",\"@graph\":[{\"@type\":\"WebSite\",\"@id\":\"https:\/\/ownetic.com\/wydarzenia\/#website\",\"url\":\"https:\/\/ownetic.com\/wydarzenia\/\",\"name\":\"Wydarzenia O.pl\",\"description\":\"Przestrze\u0144 prezentacji najwa\u017cniejszych wydarze\u0144 z takich dziedzin, jak: sztuka, design, fotografia, film, muzyka, teatr, literatura, historia, taniec, architektura\",\"potentialAction\":[{\"@type\":\"SearchAction\",\"target\":{\"@type\":\"EntryPoint\",\"urlTemplate\":\"https:\/\/ownetic.com\/wydarzenia\/?s={search_term_string}\"},\"query-input\":\"required name=search_term_string\"}],\"inLanguage\":\"pl-PL\"},{\"@type\":\"WebPage\",\"@id\":\"https:\/\/ownetic.com\/wydarzenia\/wp-content\/uploads\/2018\/04\/andrzej-nowacki-z-cyklu-bieg-2018-04-10-scaled.jpg#webpage\",\"url\":\"https:\/\/ownetic.com\/wydarzenia\/wp-content\/uploads\/2018\/04\/andrzej-nowacki-z-cyklu-bieg-2018-04-10-scaled.jpg\",\"name\":\"Wydarzenia O.pl\",\"isPartOf\":{\"@id\":\"https:\/\/ownetic.com\/wydarzenia\/#website\"},\"datePublished\":\"2018-04-10T07:43:27+00:00\",\"dateModified\":\"2018-04-10T07:43:27+00:00\",\"description\":\"Serwis Wydarzenia O.pl to przestrze\u0144 prezentacji najwa\u017cniejszych wydarze\u0144 z takich dziedzin, jak: sztuka, design, fotografia, film, muzyka, teatr, literatura, historia, taniec, architektura\",\"breadcrumb\":{\"@id\":\"https:\/\/ownetic.com\/wydarzenia\/wp-content\/uploads\/2018\/04\/andrzej-nowacki-z-cyklu-bieg-2018-04-10-scaled.jpg#breadcrumb\"},\"inLanguage\":\"pl-PL\",\"potentialAction\":[{\"@type\":\"ReadAction\",\"target\":[\"https:\/\/ownetic.com\/wydarzenia\/wp-content\/uploads\/2018\/04\/andrzej-nowacki-z-cyklu-bieg-2018-04-10-scaled.jpg\"]}]},{\"@type\":\"BreadcrumbList\",\"@id\":\"https:\/\/ownetic.com\/wydarzenia\/wp-content\/uploads\/2018\/04\/andrzej-nowacki-z-cyklu-bieg-2018-04-10-scaled.jpg#breadcrumb\",\"itemListElement\":[{\"@type\":\"ListItem\",\"position\":1,\"name\":\"Strona g\u0142\u00f3wna\",\"item\":\"https:\/\/ownetic.com\/wydarzenia\/\"},{\"@type\":\"ListItem\",\"position\":2,\"name\":\"I po co nam wolno\u015b\u0107?\",\"item\":\"https:\/\/ownetic.com\/wydarzenia\/2018\/04\/i-po-co-nam-wolnosc\/\"},{\"@type\":\"ListItem\",\"position\":3,\"name\":\"Andrzej Nowacki, z cyklu \u201eBieg\u201d, lata 70. XX wieku (\u017ar\u00f3d\u0142o: materia\u0142y prasowe organizatora)\"}]}]}<\/script>\n<!-- \/ Yoast SEO plugin. -->","yoast_head_json":{"title":"Wydarzenia O.pl","description":"Serwis Wydarzenia O.pl to przestrze\u0144 prezentacji najwa\u017cniejszych wydarze\u0144 z takich dziedzin, jak: sztuka, design, fotografia, film, muzyka, teatr, literatura, historia, taniec, architektura","robots":{"index":"index","follow":"follow","max-snippet":"max-snippet:-1","max-image-preview":"max-image-preview:large","max-video-preview":"max-video-preview:-1"},"canonical":"https:\/\/ownetic.com\/wydarzenia\/wp-content\/uploads\/2018\/04\/andrzej-nowacki-z-cyklu-bieg-2018-04-10-scaled.jpg","twitter_card":"summary_large_image","twitter_title":"Wydarzenia O.pl","twitter_description":"Serwis Wydarzenia O.pl to przestrze\u0144 prezentacji najwa\u017cniejszych wydarze\u0144 z takich dziedzin, jak: sztuka, design, fotografia, film, muzyka, teatr, literatura, historia, taniec, architektura","twitter_image":"https:\/\/ownetic.com\/wydarzenia\/wp-content\/uploads\/2018\/04\/andrzej-nowacki-z-cyklu-bieg-2018-04-10-scaled.jpg","schema":{"@context":"https:\/\/schema.org","@graph":[{"@type":"WebSite","@id":"https:\/\/ownetic.com\/wydarzenia\/#website","url":"https:\/\/ownetic.com\/wydarzenia\/","name":"Wydarzenia O.pl","description":"Przestrze\u0144 prezentacji najwa\u017cniejszych wydarze\u0144 z takich dziedzin, jak: sztuka, design, fotografia, film, muzyka, teatr, literatura, historia, taniec, architektura","potentialAction":[{"@type":"SearchAction","target":{"@type":"EntryPoint","urlTemplate":"https:\/\/ownetic.com\/wydarzenia\/?s={search_term_string}"},"query-input":"required name=search_term_string"}],"inLanguage":"pl-PL"},{"@type":"WebPage","@id":"https:\/\/ownetic.com\/wydarzenia\/wp-content\/uploads\/2018\/04\/andrzej-nowacki-z-cyklu-bieg-2018-04-10-scaled.jpg#webpage","url":"https:\/\/ownetic.com\/wydarzenia\/wp-content\/uploads\/2018\/04\/andrzej-nowacki-z-cyklu-bieg-2018-04-10-scaled.jpg","name":"Wydarzenia O.pl","isPartOf":{"@id":"https:\/\/ownetic.com\/wydarzenia\/#website"},"datePublished":"2018-04-10T07:43:27+00:00","dateModified":"2018-04-10T07:43:27+00:00","description":"Serwis Wydarzenia O.pl to przestrze\u0144 prezentacji najwa\u017cniejszych wydarze\u0144 z takich dziedzin, jak: sztuka, design, fotografia, film, muzyka, teatr, literatura, historia, taniec, architektura","breadcrumb":{"@id":"https:\/\/ownetic.com\/wydarzenia\/wp-content\/uploads\/2018\/04\/andrzej-nowacki-z-cyklu-bieg-2018-04-10-scaled.jpg#breadcrumb"},"inLanguage":"pl-PL","potentialAction":[{"@type":"ReadAction","target":["https:\/\/ownetic.com\/wydarzenia\/wp-content\/uploads\/2018\/04\/andrzej-nowacki-z-cyklu-bieg-2018-04-10-scaled.jpg"]}]},{"@type":"BreadcrumbList","@id":"https:\/\/ownetic.com\/wydarzenia\/wp-content\/uploads\/2018\/04\/andrzej-nowacki-z-cyklu-bieg-2018-04-10-scaled.jpg#breadcrumb","itemListElement":[{"@type":"ListItem","position":1,"name":"Strona g\u0142\u00f3wna","item":"https:\/\/ownetic.com\/wydarzenia\/"},{"@type":"ListItem","position":2,"name":"I po co nam wolno\u015b\u0107?","item":"https:\/\/ownetic.com\/wydarzenia\/2018\/04\/i-po-co-nam-wolnosc\/"},{"@type":"ListItem","position":3,"name":"Andrzej Nowacki, z cyklu \u201eBieg\u201d, lata 70. XX wieku (\u017ar\u00f3d\u0142o: materia\u0142y prasowe organizatora)"}]}]}},"description":{"rendered":"<p class=\"attachment\"><a href='https:\/\/ownetic.com\/wydarzenia\/wp-content\/uploads\/2018\/04\/andrzej-nowacki-z-cyklu-bieg-2018-04-10-scaled.jpg'><img width=\"345\" height=\"800\" src=\"https:\/\/ownetic.com\/wydarzenia\/wp-content\/uploads\/2018\/04\/andrzej-nowacki-z-cyklu-bieg-2018-04-10-345x800.jpg\" class=\"attachment-medium size-medium\" alt=\"Andrzej Nowacki, z cyklu \u201eBieg\u201d, lata 70. XX wieku (\u017ar\u00f3d\u0142o: materia\u0142y prasowe organizatora)\" loading=\"lazy\" srcset=\"https:\/\/ownetic.com\/wydarzenia\/wp-content\/uploads\/2018\/04\/andrzej-nowacki-z-cyklu-bieg-2018-04-10-345x800.jpg 345w, https:\/\/ownetic.com\/wydarzenia\/wp-content\/uploads\/2018\/04\/andrzej-nowacki-z-cyklu-bieg-2018-04-10-517x1200.jpg 517w, https:\/\/ownetic.com\/wydarzenia\/wp-content\/uploads\/2018\/04\/andrzej-nowacki-z-cyklu-bieg-2018-04-10-800x1856.jpg 800w, https:\/\/ownetic.com\/wydarzenia\/wp-content\/uploads\/2018\/04\/andrzej-nowacki-z-cyklu-bieg-2018-04-10-662x1536.jpg 662w, https:\/\/ownetic.com\/wydarzenia\/wp-content\/uploads\/2018\/04\/andrzej-nowacki-z-cyklu-bieg-2018-04-10-883x2048.jpg 883w, https:\/\/ownetic.com\/wydarzenia\/wp-content\/uploads\/2018\/04\/andrzej-nowacki-z-cyklu-bieg-2018-04-10-120x278.jpg 120w, https:\/\/ownetic.com\/wydarzenia\/wp-content\/uploads\/2018\/04\/andrzej-nowacki-z-cyklu-bieg-2018-04-10-90x209.jpg 90w, https:\/\/ownetic.com\/wydarzenia\/wp-content\/uploads\/2018\/04\/andrzej-nowacki-z-cyklu-bieg-2018-04-10-320x742.jpg 320w, https:\/\/ownetic.com\/wydarzenia\/wp-content\/uploads\/2018\/04\/andrzej-nowacki-z-cyklu-bieg-2018-04-10-560x1299.jpg 560w, https:\/\/ownetic.com\/wydarzenia\/wp-content\/uploads\/2018\/04\/andrzej-nowacki-z-cyklu-bieg-2018-04-10-1160x2691.jpg 1160w, https:\/\/ownetic.com\/wydarzenia\/wp-content\/uploads\/2018\/04\/andrzej-nowacki-z-cyklu-bieg-2018-04-10-scaled.jpg 1103w\" sizes=\"(max-width: 345px) 100vw, 345px\" \/><\/a><\/p>\n<p>Andrzej Nowacki, z cyklu \u201eBieg\u201d, lata 70. XX wieku (\u017ar\u00f3d\u0142o: materia\u0142y prasowe organizatora)<\/p>\n"},"caption":{"rendered":"<p>Andrzej Nowacki, z cyklu \u201eBieg\u201d, lata 70. XX wieku (\u017ar\u00f3d\u0142o: materia\u0142y prasowe organizatora)<\/p>\n"},"alt_text":"Andrzej Nowacki, z cyklu \u201eBieg\u201d, lata 70. XX wieku (\u017ar\u00f3d\u0142o: materia\u0142y prasowe organizatora)","media_type":"image","mime_type":"image\/jpeg","media_details":{"width":1103,"height":2560,"file":"2018\/04\/andrzej-nowacki-z-cyklu-bieg-2018-04-10-scaled.jpg","sizes":{"medium":{"file":"andrzej-nowacki-z-cyklu-bieg-2018-04-10-345x800.jpg","width":345,"height":800,"mime_type":"image\/jpeg","source_url":"https:\/\/ownetic.com\/wydarzenia\/wp-content\/uploads\/2018\/04\/andrzej-nowacki-z-cyklu-bieg-2018-04-10-345x800.jpg"},"large":{"file":"andrzej-nowacki-z-cyklu-bieg-2018-04-10-517x1200.jpg","width":517,"height":1200,"mime_type":"image\/jpeg","source_url":"https:\/\/ownetic.com\/wydarzenia\/wp-content\/uploads\/2018\/04\/andrzej-nowacki-z-cyklu-bieg-2018-04-10-517x1200.jpg"},"thumbnail":{"file":"andrzej-nowacki-z-cyklu-bieg-2018-04-10-260x200.jpg","width":260,"height":200,"mime_type":"image\/jpeg","source_url":"https:\/\/ownetic.com\/wydarzenia\/wp-content\/uploads\/2018\/04\/andrzej-nowacki-z-cyklu-bieg-2018-04-10-260x200.jpg"},"medium_large":{"file":"andrzej-nowacki-z-cyklu-bieg-2018-04-10-800x1856.jpg","width":800,"height":1856,"mime_type":"image\/jpeg","source_url":"https:\/\/ownetic.com\/wydarzenia\/wp-content\/uploads\/2018\/04\/andrzej-nowacki-z-cyklu-bieg-2018-04-10-800x1856.jpg"},"1536x1536":{"file":"andrzej-nowacki-z-cyklu-bieg-2018-04-10-662x1536.jpg","width":662,"height":1536,"mime_type":"image\/jpeg","source_url":"https:\/\/ownetic.com\/wydarzenia\/wp-content\/uploads\/2018\/04\/andrzej-nowacki-z-cyklu-bieg-2018-04-10-662x1536.jpg"},"2048x2048":{"file":"andrzej-nowacki-z-cyklu-bieg-2018-04-10-883x2048.jpg","width":883,"height":2048,"mime_type":"image\/jpeg","source_url":"https:\/\/ownetic.com\/wydarzenia\/wp-content\/uploads\/2018\/04\/andrzej-nowacki-z-cyklu-bieg-2018-04-10-883x2048.jpg"},"cnvs-small":{"file":"andrzej-nowacki-z-cyklu-bieg-2018-04-10-80x80.jpg","width":80,"height":80,"mime_type":"image\/jpeg","source_url":"https:\/\/ownetic.com\/wydarzenia\/wp-content\/uploads\/2018\/04\/andrzej-nowacki-z-cyklu-bieg-2018-04-10-80x80.jpg"},"cnvs-thumbnail":{"file":"andrzej-nowacki-z-cyklu-bieg-2018-04-10-300x225.jpg","width":300,"height":225,"mime_type":"image\/jpeg","source_url":"https:\/\/ownetic.com\/wydarzenia\/wp-content\/uploads\/2018\/04\/andrzej-nowacki-z-cyklu-bieg-2018-04-10-300x225.jpg"},"pk-small":{"file":"andrzej-nowacki-z-cyklu-bieg-2018-04-10-80x80.jpg","width":80,"height":80,"mime_type":"image\/jpeg","source_url":"https:\/\/ownetic.com\/wydarzenia\/wp-content\/uploads\/2018\/04\/andrzej-nowacki-z-cyklu-bieg-2018-04-10-80x80.jpg"},"pk-thumbnail":{"file":"andrzej-nowacki-z-cyklu-bieg-2018-04-10-300x225.jpg","width":300,"height":225,"mime_type":"image\/jpeg","source_url":"https:\/\/ownetic.com\/wydarzenia\/wp-content\/uploads\/2018\/04\/andrzej-nowacki-z-cyklu-bieg-2018-04-10-300x225.jpg"},"csco-120":{"file":"andrzej-nowacki-z-cyklu-bieg-2018-04-10-120x278.jpg","width":120,"height":278,"mime_type":"image\/jpeg","source_url":"https:\/\/ownetic.com\/wydarzenia\/wp-content\/uploads\/2018\/04\/andrzej-nowacki-z-cyklu-bieg-2018-04-10-120x278.jpg"},"csco-120-landscape":{"file":"andrzej-nowacki-z-cyklu-bieg-2018-04-10-120x90.jpg","width":120,"height":90,"mime_type":"image\/jpeg","source_url":"https:\/\/ownetic.com\/wydarzenia\/wp-content\/uploads\/2018\/04\/andrzej-nowacki-z-cyklu-bieg-2018-04-10-120x90.jpg"},"csco-120-portrait":{"file":"andrzej-nowacki-z-cyklu-bieg-2018-04-10-120x160.jpg","width":120,"height":160,"mime_type":"image\/jpeg","source_url":"https:\/\/ownetic.com\/wydarzenia\/wp-content\/uploads\/2018\/04\/andrzej-nowacki-z-cyklu-bieg-2018-04-10-120x160.jpg"},"csco-120-square":{"file":"andrzej-nowacki-z-cyklu-bieg-2018-04-10-120x120.jpg","width":120,"height":120,"mime_type":"image\/jpeg","source_url":"https:\/\/ownetic.com\/wydarzenia\/wp-content\/uploads\/2018\/04\/andrzej-nowacki-z-cyklu-bieg-2018-04-10-120x120.jpg"},"csco-90":{"file":"andrzej-nowacki-z-cyklu-bieg-2018-04-10-90x209.jpg","width":90,"height":209,"mime_type":"image\/jpeg","source_url":"https:\/\/ownetic.com\/wydarzenia\/wp-content\/uploads\/2018\/04\/andrzej-nowacki-z-cyklu-bieg-2018-04-10-90x209.jpg"},"csco-90-landscape":{"file":"andrzej-nowacki-z-cyklu-bieg-2018-04-10-90x68.jpg","width":90,"height":68,"mime_type":"image\/jpeg","source_url":"https:\/\/ownetic.com\/wydarzenia\/wp-content\/uploads\/2018\/04\/andrzej-nowacki-z-cyklu-bieg-2018-04-10-90x68.jpg"},"csco-90-portrait":{"file":"andrzej-nowacki-z-cyklu-bieg-2018-04-10-90x120.jpg","width":90,"height":120,"mime_type":"image\/jpeg","source_url":"https:\/\/ownetic.com\/wydarzenia\/wp-content\/uploads\/2018\/04\/andrzej-nowacki-z-cyklu-bieg-2018-04-10-90x120.jpg"},"csco-90-square":{"file":"andrzej-nowacki-z-cyklu-bieg-2018-04-10-90x90.jpg","width":90,"height":90,"mime_type":"image\/jpeg","source_url":"https:\/\/ownetic.com\/wydarzenia\/wp-content\/uploads\/2018\/04\/andrzej-nowacki-z-cyklu-bieg-2018-04-10-90x90.jpg"},"csco-320":{"file":"andrzej-nowacki-z-cyklu-bieg-2018-04-10-320x742.jpg","width":320,"height":742,"mime_type":"image\/jpeg","source_url":"https:\/\/ownetic.com\/wydarzenia\/wp-content\/uploads\/2018\/04\/andrzej-nowacki-z-cyklu-bieg-2018-04-10-320x742.jpg"},"csco-320-landscape":{"file":"andrzej-nowacki-z-cyklu-bieg-2018-04-10-320x240.jpg","width":320,"height":240,"mime_type":"image\/jpeg","source_url":"https:\/\/ownetic.com\/wydarzenia\/wp-content\/uploads\/2018\/04\/andrzej-nowacki-z-cyklu-bieg-2018-04-10-320x240.jpg"},"csco-320-portrait":{"file":"andrzej-nowacki-z-cyklu-bieg-2018-04-10-320x427.jpg","width":320,"height":427,"mime_type":"image\/jpeg","source_url":"https:\/\/ownetic.com\/wydarzenia\/wp-content\/uploads\/2018\/04\/andrzej-nowacki-z-cyklu-bieg-2018-04-10-320x427.jpg"},"csco-320-square":{"file":"andrzej-nowacki-z-cyklu-bieg-2018-04-10-320x320.jpg","width":320,"height":320,"mime_type":"image\/jpeg","source_url":"https:\/\/ownetic.com\/wydarzenia\/wp-content\/uploads\/2018\/04\/andrzej-nowacki-z-cyklu-bieg-2018-04-10-320x320.jpg"},"csco-560":{"file":"andrzej-nowacki-z-cyklu-bieg-2018-04-10-560x1299.jpg","width":560,"height":1299,"mime_type":"image\/jpeg","source_url":"https:\/\/ownetic.com\/wydarzenia\/wp-content\/uploads\/2018\/04\/andrzej-nowacki-z-cyklu-bieg-2018-04-10-560x1299.jpg"},"csco-560-landscape":{"file":"andrzej-nowacki-z-cyklu-bieg-2018-04-10-560x420.jpg","width":560,"height":420,"mime_type":"image\/jpeg","source_url":"https:\/\/ownetic.com\/wydarzenia\/wp-content\/uploads\/2018\/04\/andrzej-nowacki-z-cyklu-bieg-2018-04-10-560x420.jpg"},"csco-560-portrait":{"file":"andrzej-nowacki-z-cyklu-bieg-2018-04-10-560x747.jpg","width":560,"height":747,"mime_type":"image\/jpeg","source_url":"https:\/\/ownetic.com\/wydarzenia\/wp-content\/uploads\/2018\/04\/andrzej-nowacki-z-cyklu-bieg-2018-04-10-560x747.jpg"},"csco-560-square":{"file":"andrzej-nowacki-z-cyklu-bieg-2018-04-10-560x560.jpg","width":560,"height":560,"mime_type":"image\/jpeg","source_url":"https:\/\/ownetic.com\/wydarzenia\/wp-content\/uploads\/2018\/04\/andrzej-nowacki-z-cyklu-bieg-2018-04-10-560x560.jpg"},"csco-800":{"file":"andrzej-nowacki-z-cyklu-bieg-2018-04-10-800x1856.jpg","width":800,"height":1856,"mime_type":"image\/jpeg","source_url":"https:\/\/ownetic.com\/wydarzenia\/wp-content\/uploads\/2018\/04\/andrzej-nowacki-z-cyklu-bieg-2018-04-10-800x1856.jpg"},"csco-800-landscape":{"file":"andrzej-nowacki-z-cyklu-bieg-2018-04-10-800x600.jpg","width":800,"height":600,"mime_type":"image\/jpeg","source_url":"https:\/\/ownetic.com\/wydarzenia\/wp-content\/uploads\/2018\/04\/andrzej-nowacki-z-cyklu-bieg-2018-04-10-800x600.jpg"},"csco-800-portrait":{"file":"andrzej-nowacki-z-cyklu-bieg-2018-04-10-800x1067.jpg","width":800,"height":1067,"mime_type":"image\/jpeg","source_url":"https:\/\/ownetic.com\/wydarzenia\/wp-content\/uploads\/2018\/04\/andrzej-nowacki-z-cyklu-bieg-2018-04-10-800x1067.jpg"},"csco-800-square":{"file":"andrzej-nowacki-z-cyklu-bieg-2018-04-10-800x800.jpg","width":800,"height":800,"mime_type":"image\/jpeg","source_url":"https:\/\/ownetic.com\/wydarzenia\/wp-content\/uploads\/2018\/04\/andrzej-nowacki-z-cyklu-bieg-2018-04-10-800x800.jpg"},"csco-1160":{"file":"andrzej-nowacki-z-cyklu-bieg-2018-04-10-1160x2691.jpg","width":1160,"height":2691,"mime_type":"image\/jpeg","source_url":"https:\/\/ownetic.com\/wydarzenia\/wp-content\/uploads\/2018\/04\/andrzej-nowacki-z-cyklu-bieg-2018-04-10-1160x2691.jpg"},"csco-1160-landscape":{"file":"andrzej-nowacki-z-cyklu-bieg-2018-04-10-1160x870.jpg","width":1160,"height":870,"mime_type":"image\/jpeg","source_url":"https:\/\/ownetic.com\/wydarzenia\/wp-content\/uploads\/2018\/04\/andrzej-nowacki-z-cyklu-bieg-2018-04-10-1160x870.jpg"},"csco-1160-portrait":{"file":"andrzej-nowacki-z-cyklu-bieg-2018-04-10-1160x1547.jpg","width":1160,"height":1547,"mime_type":"image\/jpeg","source_url":"https:\/\/ownetic.com\/wydarzenia\/wp-content\/uploads\/2018\/04\/andrzej-nowacki-z-cyklu-bieg-2018-04-10-1160x1547.jpg"},"csco-1160-square":{"file":"andrzej-nowacki-z-cyklu-bieg-2018-04-10-1160x1160.jpg","width":1160,"height":1160,"mime_type":"image\/jpeg","source_url":"https:\/\/ownetic.com\/wydarzenia\/wp-content\/uploads\/2018\/04\/andrzej-nowacki-z-cyklu-bieg-2018-04-10-1160x1160.jpg"},"csco-1920-landscape":{"file":"andrzej-nowacki-z-cyklu-bieg-2018-04-10-1624x1440.jpg","width":1624,"height":1440,"mime_type":"image\/jpeg","source_url":"https:\/\/ownetic.com\/wydarzenia\/wp-content\/uploads\/2018\/04\/andrzej-nowacki-z-cyklu-bieg-2018-04-10-1624x1440.jpg"},"csco-1920-portrait":{"file":"andrzej-nowacki-z-cyklu-bieg-2018-04-10-1624x2560.jpg","width":1624,"height":2560,"mime_type":"image\/jpeg","source_url":"https:\/\/ownetic.com\/wydarzenia\/wp-content\/uploads\/2018\/04\/andrzej-nowacki-z-cyklu-bieg-2018-04-10-1624x2560.jpg"},"csco-1920-square":{"file":"andrzej-nowacki-z-cyklu-bieg-2018-04-10-1624x1920.jpg","width":1624,"height":1920,"mime_type":"image\/jpeg","source_url":"https:\/\/ownetic.com\/wydarzenia\/wp-content\/uploads\/2018\/04\/andrzej-nowacki-z-cyklu-bieg-2018-04-10-1624x1920.jpg"},"full":{"file":"andrzej-nowacki-z-cyklu-bieg-2018-04-10-scaled.jpg","width":1103,"height":2560,"mime_type":"image\/jpeg","source_url":"https:\/\/ownetic.com\/wydarzenia\/wp-content\/uploads\/2018\/04\/andrzej-nowacki-z-cyklu-bieg-2018-04-10-scaled.jpg"}},"image_meta":{"aperture":"7.1","credit":"","camera":"NIKON D200","caption":"","created_timestamp":"1174901641","copyright":"","focal_length":"50","iso":"100","shutter_speed":"0.00625","title":"","orientation":"1","keywords":[]},"original_image":"andrzej-nowacki-z-cyklu-bieg-2018-04-10.jpg"},"post":78000,"source_url":"https:\/\/ownetic.com\/wydarzenia\/wp-content\/uploads\/2018\/04\/andrzej-nowacki-z-cyklu-bieg-2018-04-10-scaled.jpg","_links":{"self":[{"href":"https:\/\/ownetic.com\/wydarzenia\/wp-json\/wp\/v2\/media\/78013"}],"collection":[{"href":"https:\/\/ownetic.com\/wydarzenia\/wp-json\/wp\/v2\/media"}],"about":[{"href":"https:\/\/ownetic.com\/wydarzenia\/wp-json\/wp\/v2\/types\/attachment"}],"author":[{"embeddable":true,"href":"https:\/\/ownetic.com\/wydarzenia\/wp-json\/wp\/v2\/users\/117"}],"replies":[{"embeddable":true,"href":"https:\/\/ownetic.com\/wydarzenia\/wp-json\/wp\/v2\/comments?post=78013"}]}}